{"id":3807,"date":"2019-10-05T13:00:23","date_gmt":"2019-10-05T13:00:23","guid":{"rendered":"http:\/\/www.musikkapelle-waldstetten.de\/?page_id=3807"},"modified":"2026-03-04T15:05:13","modified_gmt":"2026-03-04T15:05:13","slug":"der-vorstand","status":"publish","type":"page","link":"https:\/\/musikkapelle-waldstetten.de\/?page_id=3807","title":{"rendered":"Der Vorstand"},"content":{"rendered":"<p><a href=\"https:\/\/musikkapelle-waldstetten.de\/wp-content\/uploads\/2025\/02\/MK_Vorstandschaft_2024.png\" rel=\"lightbox[3807]\"><img loading=\"lazy\" decoding=\"async\" class=\"alignleft size-full wp-image-3828\" alt=\"MK_Vorstandschaft\" src=\"https:\/\/musikkapelle-waldstetten.de\/wp-content\/uploads\/2025\/02\/MK_Vorstandschaft_2024.png\" width=\"975\" height=\"500\" \/><\/a><\/p>\n<p>Vorstandschaft im Dezember 2024<\/p>\n<div style=\"width: 975px;\">\n<\/div>\n<p>&nbsp;<\/p>\n<table style=\"width: 40%;\">\n<tbody>\n<tr>\n<td><strong>1. Vorstand<\/strong><\/td>\n<td>Alexander W\u00f6rner<\/td>\n<\/tr>\n<tr>\n<td><strong>2. Vorstand<\/strong><\/td>\n<td>Johannes Wahn<\/td>\n<\/tr>\n<tr>\n<td><strong>Schriftf\u00fchrerin<\/strong><\/td>\n<td>Daniela Heffner<\/td>\n<\/tr>\n<tr>\n<td><strong>Kassierin<\/strong><\/td>\n<td>Jutta Hartmann<\/td>\n<\/tr>\n<tr>\n<td valign=\"top\"><strong>Vier Beisitzer<\/strong><\/td>\n<td>\n<div class=\"vorstand\">\nSelina Blau<br \/>\nSteffen M\u00fcnch<br \/>\nBernd W\u00f6rner<br \/>\nVerena W\u00f6rner<\/div>\n<\/td>\n<\/tr>\n<tr>\n<td><strong>Dirigent<\/strong><\/td>\n<td>Simon Blau<\/td>\n<\/tr>\n<tr>\n<td><strong>Stellvertretender Dirigent<\/strong><\/td>\n<td>Wolfgang W\u00f6rner<\/td>\n<\/tr>\n<tr>\n<td><strong>Jugendleiterin<\/strong><\/td>\n<td>Lisa Marie-Fieger<\/td>\n<\/tr>\n<td><strong>Jugendsprecherin<\/strong><\/td>\n<td>Antonia Nied<\/td>\n<\/tr>\n<tr>\n<td valign=\"top\"><strong>Zwei Kassenpr\u00fcfer<\/strong><\/td>\n<td>\n<div class=\"vorstand\">\nMilena Brenneis<br \/>\nSelina Blau<\/div>\n<\/td>\n<\/tr>\n<tr>\n<\/tr>\n<\/tbody>\n<\/table>\n<p>&nbsp;<\/p>\n<p>Die Mitglieder des Vorstands wurden in der Generalversammlung am 28.02.2026 gew\u00e4hlt.<\/p>\n","protected":false},"excerpt":{"rendered":"<p>Vorstandschaft im Dezember 2024 &nbsp; 1. Vorstand Alexander W\u00f6rner 2. Vorstand Johannes Wahn Schriftf\u00fchrerin Daniela Heffner Kassierin Jutta Hartmann Vier Beisitzer Selina Blau Steffen M\u00fcnch Bernd W\u00f6rner Verena W\u00f6rner Dirigent Simon Blau Stellvertretender Dirigent Wolfgang W\u00f6rner Jugendleiterin Lisa Marie-Fieger Jugendsprecherin Antonia Nied Zwei Kassenpr\u00fcfer Milena Brenneis Selina Blau &nbsp; Die Mitglieder des Vorstands wurden in<\/p>\n","protected":false},"author":1,"featured_media":0,"parent":244,"menu_order":0,"comment_status":"open","ping_status":"open","template":"template-fullwidth.php","meta":{"ngg_post_thumbnail":0,"footnotes":""},"class_list":["post-3807","page","type-page","status-publish","hentry"],"_links":{"self":[{"href":"https:\/\/musikkapelle-waldstetten.de\/index.php?rest_route=\/wp\/v2\/pages\/3807","targetHints":{"allow":["GET"]}}],"collection":[{"href":"https:\/\/musikkapelle-waldstetten.de\/index.php?rest_route=\/wp\/v2\/pages"}],"about":[{"href":"https:\/\/musikkapelle-waldstetten.de\/index.php?rest_route=\/wp\/v2\/types\/page"}],"author":[{"embeddable":true,"href":"https:\/\/musikkapelle-waldstetten.de\/index.php?rest_route=\/wp\/v2\/users\/1"}],"replies":[{"embeddable":true,"href":"https:\/\/musikkapelle-waldstetten.de\/index.php?rest_route=%2Fwp%2Fv2%2Fcomments&post=3807"}],"version-history":[{"count":46,"href":"https:\/\/musikkapelle-waldstetten.de\/index.php?rest_route=\/wp\/v2\/pages\/3807\/revisions"}],"predecessor-version":[{"id":6342,"href":"https:\/\/musikkapelle-waldstetten.de\/index.php?rest_route=\/wp\/v2\/pages\/3807\/revisions\/6342"}],"up":[{"embeddable":true,"href":"https:\/\/musikkapelle-waldstetten.de\/index.php?rest_route=\/wp\/v2\/pages\/244"}],"wp:attachment":[{"href":"https:\/\/musikkapelle-waldstetten.de\/index.php?rest_route=%2Fwp%2Fv2%2Fmedia&parent=3807"}],"curies":[{"name":"wp","href":"https:\/\/api.w.org\/{rel}","templated":true}]}}