{"id":3801,"date":"2019-10-05T13:34:55","date_gmt":"2019-10-05T13:34:55","guid":{"rendered":"http:\/\/www.musikkapelle-waldstetten.de\/?page_id=3801"},"modified":"2026-03-04T15:00:45","modified_gmt":"2026-03-04T15:00:45","slug":"aktuelle-besetzung","status":"publish","type":"page","link":"https:\/\/musikkapelle-waldstetten.de\/?page_id=3801","title":{"rendered":"Aktuelle Besetzung"},"content":{"rendered":"<p><!--\n<a href=\"https:\/\/musikkapelle-waldstetten.de\/wp-content\/uploads\/2022\/01\/Aktuelle_Besetzung_2022.png\" rel=\"lightbox[3801]\"><img loading=\"lazy\" decoding=\"async\" class=\"alignleft size-full wp-image-3964\" alt=\"Aktuelle_Besetzung\" src=\"https:\/\/musikkapelle-waldstetten.de\/wp-content\/uploads\/2022\/01\/Aktuelle_Besetzung_2022.png\" width=\"1200\" height=\"1075\" \/><\/a>\n--><\/p>\n<p>&nbsp;<\/p>\n<table width=\"100%\">\n<tbody>\n<tr>\n<td><img decoding=\"async\" alt=\"\" src=\"https:\/\/musikkapelle-waldstetten.de\/wp-content\/uploads\/2019\/10\/MK-Register_Bass.png2\" \/><\/td>\n<td style=\"vertical-align: top;\">\n<p style=\"font-weight: bold;\">Bass<\/p>\n<p>Stefan Michel<\/td>\n<\/tr>\n<tr>\n<td style=\"vertical-align: top; text-align: right;\">\n<p style=\"font-weight: bold;\">Tenorhorn \/ Bariton<\/p>\n<p>Peter Fieger<br \/>\nDaniela Heffner<br \/>\nHubert Klotzb\u00fcbcher<br \/>\nMerlin W\u00f6rner<br \/>\nWolfgang W\u00f6rner\n<\/td>\n<td><img decoding=\"async\" alt=\"\" src=\"https:\/\/musikkapelle-waldstetten.de\/wp-content\/uploads\/2019\/10\/MK-Register_Tenorhorn-Bariton.png2\" \/><\/td>\n<\/tr>\n<tr>\n<td><img decoding=\"async\" alt=\"\" src=\"https:\/\/musikkapelle-waldstetten.de\/wp-content\/uploads\/2019\/10\/MK-Register_Posaune.png2\" \/><\/td>\n<td style=\"vertical-align: top;\">\n<p style=\"font-weight: bold;\">Posaune<\/p>\n<p>Markus Heffner<br \/>\nAlexander W\u00f6rner\n<\/td>\n<\/tr>\n<tr>\n<td style=\"vertical-align: top; text-align: right;\">\n<p style=\"font-weight: bold;\">Saxophon<\/p>\n<p>Simon Blau<br \/>\nLisa-Marie Fieger<br \/>\nVerena W\u00f6rner\n<\/td>\n<td><img decoding=\"async\" alt=\"\" src=\"https:\/\/musikkapelle-waldstetten.de\/wp-content\/uploads\/2019\/10\/MK-Register_Saxophon.png2\" \/><\/td>\n<\/tr>\n<tr>\n<td><img decoding=\"async\" alt=\"\" src=\"https:\/\/musikkapelle-waldstetten.de\/wp-content\/uploads\/2019\/10\/MK-Register_Posaune.png2\" \/><\/td>\n<td style=\"vertical-align: top;\">\n<p style=\"font-weight: bold;\">Es-Horn + Gro\u00dfe Trommel<\/p>\n<p>Steffen M\u00fcnch\n<\/td>\n<\/tr>\n<tr>\n<td style=\"vertical-align: top; text-align: right;\">\n<p style=\"font-weight: bold;\">Trompete \/ Fl\u00fcgelhorn<\/p>\n<p>J\u00fcrgen Fieger<br \/>\nMaximilian Frisch<br \/>\nJutta Hartmann<br \/>\nJochen Jakob<br \/>\nSvenja Schneeberger<br \/>\nJohannes Wahn\n<\/td>\n<td><img decoding=\"async\" alt=\"\" src=\"https:\/\/musikkapelle-waldstetten.de\/wp-content\/uploads\/2019\/10\/MK-Register_Tenorhorn-Bariton.png2\" \/><\/td>\n<\/tr>\n<tr>\n<td><img decoding=\"async\" alt=\"\" src=\"https:\/\/musikkapelle-waldstetten.de\/wp-content\/uploads\/2019\/10\/MK-Register_Bass.png2\" \/><\/td>\n<td style=\"vertical-align: top;\">\n<p style=\"font-weight: bold;\">Klarinette<\/p>\n<p>Selina Blau<br \/>\nJennifer Chemnitz<br \/>\nUte K\u00f6nig<br \/>\nHarald P\u00fctz<\/td>\n<\/tr>\n<tr>\n<td style=\"vertical-align: top; text-align: right;\">\n<p style=\"font-weight: bold;\">Querfl\u00f6te<\/p>\n<p>Antonia Nied<br \/>\nKathrin Sauer\n<\/td>\n<td><img decoding=\"async\" alt=\"\" src=\"https:\/\/musikkapelle-waldstetten.de\/wp-content\/uploads\/2019\/10\/MK-Register_Tenorhorn-Bariton.png2\" \/><\/td>\n<\/tr>\n<tr>\n<td><img decoding=\"async\" alt=\"\" src=\"https:\/\/musikkapelle-waldstetten.de\/wp-content\/uploads\/2019\/10\/MK-Register_Bass.png2\" \/><\/td>\n<td style=\"vertical-align: top;\">\n<p style=\"font-weight: bold;\">Gitarre<\/p>\n<p>Tim Schmitt<\/td>\n<\/tr>\n<tr>\n<td style=\"vertical-align: top; text-align: right;\">\n<p style=\"font-weight: bold;\">Percussion<\/p>\n<p>Julius K\u00f6nig<br \/>\nGerhard Krauskopf (Gesang)<br \/>\nBernd W\u00f6rner\n<\/td>\n<td><img decoding=\"async\" alt=\"\" src=\"https:\/\/musikkapelle-waldstetten.de\/wp-content\/uploads\/2019\/10\/MK-Register_Tenorhorn-Bariton.png2\" \/><\/td>\n<\/tr>\n<tr>\n<td><img decoding=\"async\" alt=\"\" src=\"https:\/\/musikkapelle-waldstetten.de\/wp-content\/uploads\/2019\/10\/MK-Register_Bass.png2\" \/><\/td>\n<td style=\"vertical-align: top;\">\n<p style=\"font-weight: bold;\">Dirigat<\/p>\n<p>Simon Blau<br \/>\nWolfgang W\u00f6rner<\/td>\n<\/tr>\n<\/tbody>\n<\/table>\n","protected":false},"excerpt":{"rendered":"<p>&nbsp; Bass Stefan Michel Tenorhorn \/ Bariton Peter Fieger Daniela Heffner Hubert Klotzb\u00fcbcher Merlin W\u00f6rner Wolfgang W\u00f6rner Posaune Markus Heffner Alexander W\u00f6rner Saxophon Simon Blau Lisa-Marie Fieger Verena W\u00f6rner Es-Horn + Gro\u00dfe Trommel Steffen M\u00fcnch Trompete \/ Fl\u00fcgelhorn J\u00fcrgen Fieger Maximilian Frisch Jutta Hartmann Jochen Jakob Svenja Schneeberger Johannes Wahn Klarinette Selina Blau Jennifer Chemnitz<\/p>\n","protected":false},"author":1,"featured_media":0,"parent":244,"menu_order":0,"comment_status":"open","ping_status":"open","template":"template-fullwidth.php","meta":{"ngg_post_thumbnail":0,"footnotes":""},"class_list":["post-3801","page","type-page","status-publish","hentry"],"_links":{"self":[{"href":"https:\/\/musikkapelle-waldstetten.de\/index.php?rest_route=\/wp\/v2\/pages\/3801","targetHints":{"allow":["GET"]}}],"collection":[{"href":"https:\/\/musikkapelle-waldstetten.de\/index.php?rest_route=\/wp\/v2\/pages"}],"about":[{"href":"https:\/\/musikkapelle-waldstetten.de\/index.php?rest_route=\/wp\/v2\/types\/page"}],"author":[{"embeddable":true,"href":"https:\/\/musikkapelle-waldstetten.de\/index.php?rest_route=\/wp\/v2\/users\/1"}],"replies":[{"embeddable":true,"href":"https:\/\/musikkapelle-waldstetten.de\/index.php?rest_route=%2Fwp%2Fv2%2Fcomments&post=3801"}],"version-history":[{"count":62,"href":"https:\/\/musikkapelle-waldstetten.de\/index.php?rest_route=\/wp\/v2\/pages\/3801\/revisions"}],"predecessor-version":[{"id":6341,"href":"https:\/\/musikkapelle-waldstetten.de\/index.php?rest_route=\/wp\/v2\/pages\/3801\/revisions\/6341"}],"up":[{"embeddable":true,"href":"https:\/\/musikkapelle-waldstetten.de\/index.php?rest_route=\/wp\/v2\/pages\/244"}],"wp:attachment":[{"href":"https:\/\/musikkapelle-waldstetten.de\/index.php?rest_route=%2Fwp%2Fv2%2Fmedia&parent=3801"}],"curies":[{"name":"wp","href":"https:\/\/api.w.org\/{rel}","templated":true}]}}